{"id":140,"date":"2018-05-16T14:05:57","date_gmt":"2018-05-16T12:05:57","guid":{"rendered":"http:\/\/www.caldererias.es\/?page_id=140"},"modified":"2025-11-02T19:56:52","modified_gmt":"2025-11-02T18:56:52","slug":"certificaciones","status":"publish","type":"page","link":"https:\/\/www.caldererias.es\/fr\/certificaciones\/","title":{"rendered":"CERTIFICATIONS"},"content":{"rendered":"<p>[et_pb_section fb_built=\u00bb1&#8243; fullwidth=\u00bbon\u00bb _builder_version=\u00bb4.16&#8243; background_image=\u00bbhttp:\/\/www.caldererias.es\/wp-content\/uploads\/2019\/01\/FOTO2.jpg\u00bb global_colors_info=\u00bb{}\u00bb][et_pb_fullwidth_header title=\u00bbCertificados\u00bb subhead=\u00bbProductos y servicios desde la excelencia\u00bb text_orientation=\u00bbcenter\u00bb header_fullscreen=\u00bbon\u00bb button_one_url=\u00bbhttp:\/\/www.caldererias.es\/empresa\/\u00bb content_max_width=\u00bb65%\u00bb content_max_width_tablet=\u00bb\u00bb content_max_width_phone=\u00bb\u00bb content_max_width_last_edited=\u00bbon|desktop\u00bb _builder_version=\u00bb4.16&#8243; title_level=\u00bbh2&#8243; title_font=\u00bb||||||||\u00bb title_text_color=\u00bb#ffffff\u00bb title_font_size=\u00bb35px\u00bb content_font=\u00bb||||||||\u00bb subhead_font=\u00bb||||||||\u00bb subhead_text_color=\u00bb#f78f1e\u00bb subhead_font_size=\u00bb28px\u00bb background_color=\u00bbrgba(0,87,107,0)\u00bb use_background_color_gradient=\u00bbon\u00bb background_color_gradient_stops=\u00bb#ffffff 0%|rgba(255,255,255,0) 15%\u00bb background_color_gradient_start=\u00bb#ffffff\u00bb background_color_gradient_end=\u00bbrgba(255,255,255,0)\u00bb background_color_gradient_end_position=\u00bb15%\u00bb parallax=\u00bbon\u00bb custom_button_one=\u00bbon\u00bb button_one_text_size=\u00bb25px\u00bb button_one_font=\u00bb||||||||\u00bb button_one_icon=\u00bb&#x39;||divi||400&#8243; animation_style=\u00bbslide\u00bb animation_direction=\u00bbtop\u00bb animation_delay=\u00bb400ms\u00bb animation_speed_curve=\u00bbease-out\u00bb title_font_size_tablet=\u00bb30px\u00bb title_font_size_phone=\u00bb20px\u00bb title_font_size_last_edited=\u00bbon|phone\u00bb subhead_font_size_tablet=\u00bb20px\u00bb subhead_font_size_phone=\u00bb18px\u00bb subhead_font_size_last_edited=\u00bbon|phone\u00bb text_shadow_style=\u00bbpreset5&#8243; text_shadow_color=\u00bbrgba(0,0,0,0.25)\u00bb global_colors_info=\u00bb{}\u00bb][\/et_pb_fullwidth_header][\/et_pb_section][et_pb_section fb_built=\u00bb1&#8243; module_id=\u00bbingenieria\u00bb _builder_version=\u00bb4.16&#8243; parallax=\u00bbon\u00bb parallax_method=\u00bboff\u00bb animation_style=\u00bbslide\u00bb animation_direction=\u00bbbottom\u00bb global_colors_info=\u00bb{}\u00bb][et_pb_row column_structure=\u00bb1_2,1_2&#8243; _builder_version=\u00bb4.16&#8243; global_colors_info=\u00bb{}\u00bb][et_pb_column type=\u00bb1_2&#8243; _builder_version=\u00bb4.16&#8243; custom_padding=\u00bb|||\u00bb global_colors_info=\u00bb{}\u00bb custom_padding__hover=\u00bb|||\u00bb][et_pb_text _builder_version=\u00bb4.16&#8243; text_font=\u00bb||||||||\u00bb text_orientation=\u00bbcenter\u00bb global_colors_info=\u00bb{}\u00bb]<\/p>\n<p>Nos principes de responsabilit\u00e9 reposent sur le d\u00e9veloppement de produits et services \u00e0 partir de la d\u00e9marche d'excellence, ce qui nous am\u00e8ne non seulement \u00e0 les r\u00e9aliser avec les valeurs de qualit\u00e9 les plus \u00e9lev\u00e9es, mais aussi ceux-ci doivent \u00eatre incub\u00e9s dans un environnement avec le plus grand respect. avec les moyens les plus efficaces pour assurer la sant\u00e9 et la s\u00e9curit\u00e9 de nos employ\u00e9s, un \u00e9l\u00e9ment fondamental de cet \u00e9quipement.<\/p>\n<p>[\/et_pb_text][\/et_pb_column][et_pb_column type=\u00bb1_2&#8243; _builder_version=\u00bb4.16&#8243; custom_padding=\u00bb|||\u00bb global_colors_info=\u00bb{}\u00bb custom_padding__hover=\u00bb|||\u00bb][et_pb_text _builder_version=\u00bb4.16&#8243; text_font=\u00bb||||||||\u00bb text_orientation=\u00bbcenter\u00bb global_colors_info=\u00bb{}\u00bb]<\/p>\n<p>\u00c0 partir de ce point de d\u00e9part et avec les exigences \u00e9tablies par les normes internationales ISO 45001, ISO 9001 et ISO 14001, nous \u00e9tablissons la politique de qualit\u00e9, environnement et sant\u00e9 et s\u00e9curit\u00e9 de l'entreprise en m\u00eame temps que nous mettons en \u0153uvre et certifions le syst\u00e8me de management int\u00e9gr\u00e9 qui unifie ces trois piliers de notre d\u00e9veloppement commercial, qui garantissent l'excellence et l'am\u00e9lioration continue de notre travail.<\/p>\n<p>[\/et_pb_text][\/et_pb_column][\/et_pb_row][et_pb_row _builder_version=\u00bb4.16&#8243; custom_padding=\u00bb0|0px|0|0px|true|false\u00bb global_colors_info=\u00bb{}\u00bb][et_pb_column type=\u00bb4_4&#8243; _builder_version=\u00bb4.16&#8243; custom_padding=\u00bb|||\u00bb global_colors_info=\u00bb{}\u00bb custom_padding__hover=\u00bb|||\u00bb][et_pb_image src=\u00bbhttp:\/\/www.caldererias.es\/wp-content\/uploads\/2020\/12\/Logos_cert_2023.jpg\u00bb align=\u00bbcenter\u00bb align_tablet=\u00bbcenter\u00bb align_phone=\u00bbcenter\u00bb align_last_edited=\u00bbon|desktop\u00bb _builder_version=\u00bb4.16&#8243; max_width=\u00bb70%\u00bb max_width_tablet=\u00bb\u00bb max_width_phone=\u00bb\u00bb max_width_last_edited=\u00bbon|desktop\u00bb module_alignment=\u00bbcenter\u00bb global_colors_info=\u00bb{}\u00bb][\/et_pb_image][\/et_pb_column][\/et_pb_row][et_pb_row _builder_version=\u00bb4.16&#8243; global_colors_info=\u00bb{}\u00bb][et_pb_column type=\u00bb4_4&#8243; _builder_version=\u00bb4.16&#8243; custom_padding=\u00bb|||\u00bb global_colors_info=\u00bb{}\u00bb custom_padding__hover=\u00bb|||\u00bb][et_pb_text _builder_version=\u00bb4.16&#8243; text_font=\u00bb||||||||\u00bb text_orientation=\u00bbcenter\u00bb global_colors_info=\u00bb{}\u00bb]<\/p>\n<p>\nNous sommes certifi\u00e9s et autoris\u00e9s dans toutes les sections pertinentes dans notre secteur, de m\u00eame que nous sommes une entreprise autoris\u00e9e pour l'installation et la r\u00e9paration d'appareils sous pression.<\/p>\n<p>Nous avons les certifications REGIC et REPRO qui englobent les principales entreprises du secteur de l'\u00e9nergie, de la p\u00e9trochimie, du ciment et des mines en Espagne.<\/p>\n<p>[\/et_pb_text][\/et_pb_column][\/et_pb_row][\/et_pb_section][et_pb_section fb_built=\u00bb1&#8243; module_id=\u00bbfabricacion\u00bb _builder_version=\u00bb4.16&#8243; background_color=\u00bb#f2f2f2&#8243; parallax=\u00bbon\u00bb parallax_method=\u00bboff\u00bb global_colors_info=\u00bb{}\u00bb][et_pb_row _builder_version=\u00bb4.16&#8243; global_colors_info=\u00bb{}\u00bb][et_pb_column type=\u00bb4_4&#8243; _builder_version=\u00bb4.16&#8243; custom_padding=\u00bb|||\u00bb global_colors_info=\u00bb{}\u00bb custom_padding__hover=\u00bb|||\u00bb][et_pb_text _builder_version=\u00bb4.16&#8243; text_font=\u00bb||||||||\u00bb text_orientation=\u00bbcenter\u00bb global_colors_info=\u00bb{}\u00bb]<\/p>\n<h2>STRAT\u00c9GIES<\/h2>\n<p>[\/et_pb_text][\/et_pb_column][\/et_pb_row][et_pb_row column_structure=\u00bb1_4,1_4,1_4,1_4&#8243; _builder_version=\u00bb4.27.0&#8243; _module_preset=\u00bbdefault\u00bb global_colors_info=\u00bb{}\u00bb][et_pb_column type=\u00bb1_4&#8243; _builder_version=\u00bb4.27.0&#8243; _module_preset=\u00bbdefault\u00bb global_colors_info=\u00bb{}\u00bb][et_pb_blurb title=\u00bbSistema de Gesti\u00f3n Integral\u00bb url_new_window=\u00bbon\u00bb use_icon=\u00bbon\u00bb font_icon=\u00bb&#x52;||divi||400&#8243; image_icon_width=\u00bb30px\u00bb content_max_width=\u00bb100%\u00bb image_icon_width_tablet=\u00bb30px\u00bb image_icon_width_phone=\u00bb30px\u00bb image_icon_width_last_edited=\u00bbon|desktop\u00bb _builder_version=\u00bb4.27.0&#8243; header_level=\u00bbh3&#8243; header_text_align=\u00bbcenter\u00bb header_text_color=\u00bb#00576b\u00bb body_font_size=\u00bb12px\u00bb background_color=\u00bb#ffffff\u00bb text_orientation=\u00bbcenter\u00bb custom_padding=\u00bb30px|30px|30px|30px|true|true\u00bb link_option_url_new_window=\u00bbon\u00bb z_index_tablet=\u00bb500&#8243; box_shadow_style=\u00bbpreset3&#8243; box_shadow_blur=\u00bb73px\u00bb box_shadow_spread=\u00bb-14px\u00bb box_shadow_color=\u00bbrgba(0,87,107,0.27)\u00bb icon_font_size=\u00bb30px\u00bb image_max_width_tablet=\u00bb\u00bb image_max_width_phone=\u00bb\u00bb image_max_width_last_edited=\u00bbon|desktop\u00bb global_colors_info=\u00bb{}\u00bb]<\/p>\n<p>Calderer\u00edas Ind\u00e1licas , conscient et responsable de l'engagement envers la QUALIT\u00c9, l'ENVIRONNEMENT et la S\u00c9CURIT\u00c9 DU TRAVAIL met en \u0153uvre un SYST\u00c8ME DE GESTION INT\u00c9GR\u00c9 qui est un \u00e9l\u00e9ment fondamental de sa culture d'entreprise.<\/p>\n<p>[\/et_pb_blurb][et_pb_code _builder_version=\u00bb4.27.0&#8243; z_index_tablet=\u00bb500&#8243; global_colors_info=\u00bb{}\u00bb]<a title=\"Ver documento\" href=\"http:\/\/www.caldererias.es\/wp-content\/uploads\/2020\/10\/POL-SGI_201020.png\" target=\"_blank\" rel=\"noopener\"><h6><center>Ver documento<\/center><\/h6><\/a>[\/et_pb_code][\/et_pb_column][et_pb_column type=\u00bb1_4&#8243; _builder_version=\u00bb4.27.0&#8243; _module_preset=\u00bbdefault\u00bb global_colors_info=\u00bb{}\u00bb][et_pb_blurb title=\u00bbPol\u00edtica RSC\u00bb use_icon=\u00bbon\u00bb font_icon=\u00bb&#x52;||divi||400&#8243; image_icon_width=\u00bb30px\u00bb content_max_width=\u00bb100%\u00bb image_icon_width_tablet=\u00bb30px\u00bb image_icon_width_phone=\u00bb30px\u00bb image_icon_width_last_edited=\u00bbon|desktop\u00bb _builder_version=\u00bb4.27.0&#8243; header_level=\u00bbh3&#8243; header_font=\u00bb||||||||\u00bb header_text_align=\u00bbcenter\u00bb header_text_color=\u00bb#00576b\u00bb header_font_size=\u00bb18px\u00bb body_font=\u00bb||||||||\u00bb body_font_size=\u00bb12px\u00bb background_color=\u00bb#ffffff\u00bb text_orientation=\u00bbcenter\u00bb custom_padding=\u00bb30px|30px|30px|30px|true|true\u00bb box_shadow_style=\u00bbpreset3&#8243; box_shadow_blur=\u00bb73px\u00bb box_shadow_spread=\u00bb-14px\u00bb box_shadow_color=\u00bbrgba(0,87,107,0.27)\u00bb icon_font_size=\u00bb30px\u00bb image_max_width_tablet=\u00bb\u00bb image_max_width_phone=\u00bb\u00bb image_max_width_last_edited=\u00bbon|desktop\u00bb global_colors_info=\u00bb{}\u00bb]<\/p>\n<p>\nSe establece como norma irrenunciable la correcta ejecuci\u00f3n y cumplimiento de las pol\u00edticas concernientes a nuestra responsabilidad social, que se detallan en documento POL-03 (ver enlace abajo) y siempre en correlaci\u00f3n con el informe de progreso en materia de buenas pr\u00e1cticas, que es elaborado y presentado anualmente ante la Organizaci\u00f3n de Pacto Global de las Naciones Unidades a la que pertenecemos desde 2012. <\/p>\n<p>[\/et_pb_blurb][et_pb_code _builder_version=\u00bb4.27.0&#8243; z_index_tablet=\u00bb500&#8243; global_colors_info=\u00bb{}\u00bb]<a title=\"Ver documento\" href=\"https:\/\/www.caldererias.es\/wp-content\/uploads\/2025\/02\/POL-03-POLITICA-RSC.pdf\" target=\"_blank\" rel=\"noopener\"><h6><center>Ver documento<\/center><\/h6><\/a>[\/et_pb_code][\/et_pb_column][et_pb_column type=\u00bb1_4&#8243; _builder_version=\u00bb4.27.0&#8243; _module_preset=\u00bbdefault\u00bb global_colors_info=\u00bb{}\u00bb][et_pb_blurb title=\u00bbFormaci\u00f3n\u00bb use_icon=\u00bbon\u00bb font_icon=\u00bb&#x52;||divi||400&#8243; image_icon_width=\u00bb30px\u00bb content_max_width=\u00bb100%\u00bb image_icon_width_tablet=\u00bb30px\u00bb image_icon_width_phone=\u00bb30px\u00bb image_icon_width_last_edited=\u00bbon|desktop\u00bb _builder_version=\u00bb4.16&#8243; header_level=\u00bbh3&#8243; header_font=\u00bb||||||||\u00bb header_text_align=\u00bbcenter\u00bb header_text_color=\u00bb#00576b\u00bb header_font_size=\u00bb18px\u00bb body_font=\u00bb||||||||\u00bb body_font_size=\u00bb12px\u00bb background_color=\u00bb#ffffff\u00bb text_orientation=\u00bbcenter\u00bb custom_padding=\u00bb30px|30px|30px|30px|true|true\u00bb box_shadow_style=\u00bbpreset3&#8243; box_shadow_blur=\u00bb73px\u00bb box_shadow_spread=\u00bb-14px\u00bb box_shadow_color=\u00bbrgba(0,87,107,0.27)\u00bb icon_font_size=\u00bb30px\u00bb image_max_width_tablet=\u00bb\u00bb image_max_width_phone=\u00bb\u00bb image_max_width_last_edited=\u00bbon|desktop\u00bb global_colors_info=\u00bb{}\u00bb]<\/p>\n<p>\nLa formation est consid\u00e9r\u00e9e comme l'un des piliers fondamentaux de l'entreprise, \u00e9tant consid\u00e9r\u00e9e comme une t\u00e2che qui contribue \u00e0 notre croissance et \u00e0 notre am\u00e9lioration concurrentielle.<\/p>\n<p>Calderer\u00edas Ind\u00e1licas a con\u00e7u un plan de formation optimal et efficace destin\u00e9 \u00e0 tous les d\u00e9partements, ing\u00e9nierie et conception, production, s\u00e9curit\u00e9 et sant\u00e9, qualit\u00e9, ressources humaines, achats et finances.<\/p>\n<p>[\/et_pb_blurb][\/et_pb_column][et_pb_column type=\u00bb1_4&#8243; _builder_version=\u00bb4.27.0&#8243; _module_preset=\u00bbdefault\u00bb global_colors_info=\u00bb{}\u00bb][et_pb_blurb title=\u00bbPacto Mundial\u00bb use_icon=\u00bbon\u00bb font_icon=\u00bb&#x52;||divi||400&#8243; image_icon_width=\u00bb30px\u00bb content_max_width=\u00bb100%\u00bb image_icon_width_tablet=\u00bb30px\u00bb image_icon_width_phone=\u00bb30px\u00bb image_icon_width_last_edited=\u00bbon|desktop\u00bb _builder_version=\u00bb4.16&#8243; header_level=\u00bbh3&#8243; header_font=\u00bb||||||||\u00bb header_text_align=\u00bbcenter\u00bb header_text_color=\u00bb#00576b\u00bb header_font_size=\u00bb18px\u00bb body_font=\u00bb||||||||\u00bb body_font_size=\u00bb12px\u00bb background_color=\u00bb#ffffff\u00bb text_orientation=\u00bbcenter\u00bb custom_padding=\u00bb30px|30px|30px|30px|true|true\u00bb link_option_url_new_window=\u00bbon\u00bb box_shadow_style=\u00bbpreset3&#8243; box_shadow_blur=\u00bb73px\u00bb box_shadow_spread=\u00bb-14px\u00bb box_shadow_color=\u00bbrgba(0,87,107,0.27)\u00bb icon_font_size=\u00bb30px\u00bb image_max_width_tablet=\u00bb\u00bb image_max_width_phone=\u00bb\u00bb image_max_width_last_edited=\u00bbon|desktop\u00bb global_colors_info=\u00bb{}\u00bb]<\/p>\n<p>\nCalderer\u00edas Ind\u00e1licas , SL est attach\u00e9 au r\u00e9seau espagnol du Global Compact, afin de renforcer l'engagement acquis avec nos travailleurs, l'environnement et l'environnement.<br \/>De m\u00eame, Calderer\u00edas Ind\u00e1licas , SL a un code de conduite \u00e9thique dans lequel les piliers de notre organisation sont approuv\u00e9s.<\/p>\n<p>[\/et_pb_blurb][\/et_pb_column][\/et_pb_row][\/et_pb_section][et_pb_section fb_built=\u00bb1&#8243; module_id=\u00bbmantenimiento\u00bb _builder_version=\u00bb4.16&#8243; background_color_gradient_direction=\u00bb270deg\u00bb parallax=\u00bbon\u00bb parallax_method=\u00bboff\u00bb global_colors_info=\u00bb{}\u00bb][et_pb_row column_structure=\u00bb1_2,1_2&#8243; use_custom_gutter=\u00bbon\u00bb gutter_width=\u00bb1&#8243; make_equal=\u00bbon\u00bb padding_top_bottom_link_1=\u00bbtrue\u00bb padding_top_bottom_link_2=\u00bbtrue\u00bb padding_left_right_link_1=\u00bbtrue\u00bb padding_left_right_link_2=\u00bbtrue\u00bb module_class=\u00bb et_pb_row_fullwidth\u00bb _builder_version=\u00bb4.16&#8243; width=\u00bb100%\u00bb width_tablet=\u00bb100%\u00bb width_phone=\u00bb100%\u00bb width_last_edited=\u00bbon|desktop\u00bb max_width=\u00bb100%\u00bb max_width_tablet=\u00bb100%\u00bb max_width_phone=\u00bb100%\u00bb max_width_last_edited=\u00bbon|desktop\u00bb custom_padding=\u00bb0|0px|0|0px|true|false\u00bb animation_style=\u00bbslide\u00bb animation_direction=\u00bbleft\u00bb make_fullwidth=\u00bbon\u00bb global_colors_info=\u00bb{}\u00bb][et_pb_column type=\u00bb1_2&#8243; module_id=\u00bbmantenimiento\u00bb _builder_version=\u00bb4.16&#8243; background_color=\u00bb#ea3a3c\u00bb custom_padding=\u00bb70px|70px|70px|70px\u00bb custom_css_main_element=\u00bbmargin:auto;\u00bb global_colors_info=\u00bb{}\u00bb custom_padding__hover=\u00bb|||\u00bb][et_pb_text _builder_version=\u00bb4.16&#8243; text_font=\u00bb||||||||\u00bb header_font=\u00bb||||||||\u00bb header_2_font=\u00bb||||||||\u00bb header_2_text_align=\u00bbcenter\u00bb header_2_text_color=\u00bb#00414c\u00bb header_2_font_size=\u00bb20px\u00bb header_3_font=\u00bb||||||||\u00bb header_3_text_color=\u00bb#00414c\u00bb text_orientation=\u00bbcenter\u00bb background_layout=\u00bbdark\u00bb custom_padding=\u00bb||20px\u00bb header_2_font_size_tablet=\u00bb\u00bb header_2_font_size_phone=\u00bb\u00bb header_2_font_size_last_edited=\u00bbon|tablet\u00bb global_colors_info=\u00bb{}\u00bb]<\/p>\n<h2>CERTIFICATIONS ASME<\/h2>\n<p>Caldererias Ind\u00e1licas SL a mis en place un syst\u00e8me d'assurance qualit\u00e9 dans la conception, la fabrication, les tests, les tests et l'inspection des \u00e9quipements qui lui permettent de fabriquer et de sceller des composants conform\u00e9ment au code ASME tels que des chaudi\u00e8res, des tuyaux, des conteneurs, des composants sous pression et des composants nucl\u00e9aires.<\/p>\n<p>La certification utilisant le sceau ASME ouvre la porte \u00e0 un march\u00e9 international, qui comprend les \u00c9tats-Unis, le Canada et plus de 85 pays.<\/p>\n<p>[\/et_pb_text][et_pb_button button_url=\u00bbhttps:\/\/www.caldererias.es\/wp-content\/uploads\/2024\/08\/ASME-COMP_24-27.jpg\u00bb url_new_window=\u00bbon\u00bb button_text=\u00bbCertificados\u00bb button_alignment=\u00bbcenter\u00bb _builder_version=\u00bb4.16&#8243; z_index_tablet=\u00bb500&#8243; global_colors_info=\u00bb{}\u00bb][\/et_pb_button][\/et_pb_column][et_pb_column type=\u00bb1_2&#8243; module_id=\u00bbmontaje\u00bb _builder_version=\u00bb4.16&#8243; background_color=\u00bb#00414c\u00bb custom_padding=\u00bb70px|70px|70px|70px\u00bb custom_css_main_element=\u00bbmargin:auto;\u00bb global_colors_info=\u00bb{}\u00bb custom_padding__hover=\u00bb|||\u00bb][et_pb_text _builder_version=\u00bb4.16&#8243; text_font=\u00bb||||||||\u00bb header_font=\u00bb||||||||\u00bb header_2_font=\u00bb||||||||\u00bb header_2_text_align=\u00bbcenter\u00bb header_2_text_color=\u00bb#ea3a3c\u00bb header_2_font_size=\u00bb20px\u00bb header_3_font=\u00bb||||||||\u00bb header_3_text_color=\u00bb#00414c\u00bb text_orientation=\u00bbcenter\u00bb background_layout=\u00bbdark\u00bb custom_padding=\u00bb||20px\u00bb animation_style=\u00bbslide\u00bb animation_direction=\u00bbtop\u00bb header_2_font_size_tablet=\u00bb\u00bb header_2_font_size_phone=\u00bb\u00bb header_2_font_size_last_edited=\u00bbon|tablet\u00bb global_colors_info=\u00bb{}\u00bb]<\/p>\n<h2>APPAREILS \u00c0 PRESSION<\/h2>\n<p>Nous sommes d\u00fbment agr\u00e9\u00e9s par le minist\u00e8re de l'Innovation et des Affaires de la Junta de Andaluc\u00eda en tant qu'installateurs d'\u00e9quipements sous pression dans la cat\u00e9gorie ERP-2 et en tant qu'entreprise de r\u00e9paration d'\u00e9quipements sous pression dans la cat\u00e9gorie ERP-2.<\/p>\n<p>[\/et_pb_text][et_pb_button button_url=\u00bbhttp:\/\/www.caldererias.es\/wp-content\/uploads\/2019\/01\/CERT006.jpg\u00bb url_new_window=\u00bbon\u00bb button_text=\u00bbCertificados\u00bb button_alignment=\u00bbcenter\u00bb _builder_version=\u00bb4.16&#8243; global_colors_info=\u00bb{}\u00bb][\/et_pb_button][\/et_pb_column][\/et_pb_row][\/et_pb_section][et_pb_section fb_built=\u00bb1&#8243; _builder_version=\u00bb4.16&#8243; parallax=\u00bbon\u00bb parallax_method=\u00bboff\u00bb global_colors_info=\u00bb{}\u00bb][et_pb_row column_structure=\u00bb1_6,1_6,1_6,1_6,1_6,1_6&#8243; _builder_version=\u00bb4.27.0&#8243; global_colors_info=\u00bb{}\u00bb][et_pb_column type=\u00bb1_6&#8243; _builder_version=\u00bb4.16&#8243; custom_padding=\u00bb|||\u00bb global_colors_info=\u00bb{}\u00bb custom_padding__hover=\u00bb|||\u00bb][et_pb_blurb title=\u00bbiso 9001&#8243; url=\u00bbhttps:\/\/www.caldererias.es\/wp-content\/uploads\/2025\/01\/2023-ISO-9001-22-12-2026-0038375-QMS-SPAES-UKAS-scaled.jpg\u00bb url_new_window=\u00bbon\u00bb use_icon=\u00bbon\u00bb font_icon=\u00bb&#xe059;||divi||400&#8243; icon_color=\u00bb#00576b\u00bb image_icon_width=\u00bb35px\u00bb _builder_version=\u00bb4.27.0&#8243; text_orientation=\u00bbcenter\u00bb link_option_url_new_window=\u00bbon\u00bb z_index_tablet=\u00bb500&#8243; icon_font_size=\u00bb35px\u00bb global_colors_info=\u00bb{}\u00bb][\/et_pb_blurb][et_pb_blurb title=\u00bbReglamento Servicios de Prevenci\u00f3n\u00bb url=\u00bbhttps:\/\/www.caldererias.es\/wp-content\/uploads\/2025\/01\/2024-PRL-00047673-SLA-SPAES_001-scaled.jpg\u00bb url_new_window=\u00bbon\u00bb use_icon=\u00bbon\u00bb font_icon=\u00bb&#xe059;||divi||400&#8243; icon_color=\u00bb#00576b\u00bb image_icon_width=\u00bb35px\u00bb _builder_version=\u00bb4.27.0&#8243; text_orientation=\u00bbcenter\u00bb link_option_url_new_window=\u00bbon\u00bb z_index_tablet=\u00bb500&#8243; icon_font_size=\u00bb35px\u00bb global_colors_info=\u00bb{}\u00bb][\/et_pb_blurb][\/et_pb_column][et_pb_column type=\u00bb1_6&#8243; _builder_version=\u00bb4.16&#8243; custom_padding=\u00bb|||\u00bb global_colors_info=\u00bb{}\u00bb custom_padding__hover=\u00bb|||\u00bb][et_pb_blurb title=\u00bbiso 14001&#8243; url=\u00bbhttps:\/\/www.caldererias.es\/wp-content\/uploads\/2025\/01\/2023-ISO-14001-22-12-2026-0038374-EMS-SPAES-UKAS-scaled.jpg\u00bb url_new_window=\u00bbon\u00bb use_icon=\u00bbon\u00bb font_icon=\u00bb&#xe059;||divi||400&#8243; icon_color=\u00bb#00576b\u00bb image_icon_width=\u00bb35px\u00bb _builder_version=\u00bb4.27.0&#8243; text_orientation=\u00bbcenter\u00bb link_option_url_new_window=\u00bbon\u00bb z_index_tablet=\u00bb500&#8243; icon_font_size=\u00bb35px\u00bb global_colors_info=\u00bb{}\u00bb][\/et_pb_blurb][et_pb_blurb title=\u00bbCertificado registro Huella Carbono\u00bb url=\u00bbhttps:\/\/www.caldererias.es\/wp-content\/uploads\/2025\/11\/CERTIFICADO-HUELLA-CARBONO-2023.png\u00bb url_new_window=\u00bbon\u00bb use_icon=\u00bbon\u00bb font_icon=\u00bb&#xe059;||divi||400&#8243; icon_color=\u00bb#00576b\u00bb image_icon_width=\u00bb35px\u00bb _builder_version=\u00bb4.27.0&#8243; text_orientation=\u00bbcenter\u00bb link_option_url_new_window=\u00bbon\u00bb hover_enabled=\u00bb0&#8243; z_index_tablet=\u00bb500&#8243; icon_font_size=\u00bb35px\u00bb global_colors_info=\u00bb{}\u00bb sticky_enabled=\u00bb0&#8243;][\/et_pb_blurb][\/et_pb_column][et_pb_column type=\u00bb1_6&#8243; _builder_version=\u00bb4.16&#8243; custom_padding=\u00bb|||\u00bb global_colors_info=\u00bb{}\u00bb custom_padding__hover=\u00bb|||\u00bb][et_pb_blurb title=\u00bbISO 45001&#8243; url=\u00bbhttps:\/\/www.caldererias.es\/wp-content\/uploads\/2025\/01\/2023-ISO-45001-22-12-2026-0038376-OHSAS-SPAES-UKAS-scaled.jpg\u00bb url_new_window=\u00bbon\u00bb use_icon=\u00bbon\u00bb font_icon=\u00bb&#xe059;||divi||400&#8243; icon_color=\u00bb#00576b\u00bb image_icon_width=\u00bb35px\u00bb _builder_version=\u00bb4.27.0&#8243; text_orientation=\u00bbcenter\u00bb link_option_url_new_window=\u00bbon\u00bb z_index_tablet=\u00bb500&#8243; icon_font_size=\u00bb35px\u00bb global_colors_info=\u00bb{}\u00bb][\/et_pb_blurb][\/et_pb_column][et_pb_column type=\u00bb1_6&#8243; _builder_version=\u00bb4.16&#8243; custom_padding=\u00bb|||\u00bb global_colors_info=\u00bb{}\u00bb custom_padding__hover=\u00bb|||\u00bb][et_pb_blurb title=\u00bbs\/en 3834&#8243; url=\u00bbhttps:\/\/www.caldererias.es\/wp-content\/uploads\/2025\/11\/2024-EN3834-2025-SPA.png\u00bb url_new_window=\u00bbon\u00bb use_icon=\u00bbon\u00bb font_icon=\u00bb&#xe059;||divi||400&#8243; icon_color=\u00bb#00576b\u00bb image_icon_width=\u00bb35px\u00bb _builder_version=\u00bb4.27.0&#8243; text_orientation=\u00bbcenter\u00bb link_option_url_new_window=\u00bbon\u00bb hover_enabled=\u00bb0&#8243; icon_font_size=\u00bb35px\u00bb global_colors_info=\u00bb{}\u00bb sticky_enabled=\u00bb0&#8243;][\/et_pb_blurb][\/et_pb_column][et_pb_column type=\u00bb1_6&#8243; _builder_version=\u00bb4.16&#8243; custom_padding=\u00bb|||\u00bb global_colors_info=\u00bb{}\u00bb custom_padding__hover=\u00bb|||\u00bb][et_pb_blurb title=\u00bbs\/en 1090 1&#8243; url=\u00bbhttps:\/\/www.caldererias.es\/wp-content\/uploads\/2025\/11\/2024-EN1090-2025-SPA.png\u00bb url_new_window=\u00bbon\u00bb use_icon=\u00bbon\u00bb font_icon=\u00bb&#xe059;||divi||400&#8243; icon_color=\u00bb#00576b\u00bb image_icon_width=\u00bb35px\u00bb _builder_version=\u00bb4.27.0&#8243; text_orientation=\u00bbcenter\u00bb link_option_url_new_window=\u00bbon\u00bb hover_enabled=\u00bb0&#8243; icon_font_size=\u00bb35px\u00bb global_colors_info=\u00bb{}\u00bb sticky_enabled=\u00bb0&#8243;][\/et_pb_blurb][\/et_pb_column][et_pb_column type=\u00bb1_6&#8243; _builder_version=\u00bb4.27.0&#8243; custom_padding=\u00bb|||\u00bb global_colors_info=\u00bb{}\u00bb custom_padding__hover=\u00bb|||\u00bb][et_pb_blurb title=\u00bbT\u00dcV S\u00dcD-MUC-DG-3059373.2020.002&#8243; url=\u00bbhttps:\/\/www.caldererias.es\/wp-content\/uploads\/2024\/02\/Certificado-TUV-SUD-MUC-DG-3059373.2020.002.png\u00bb use_icon=\u00bbon\u00bb font_icon=\u00bb&#xe059;||divi||400&#8243; icon_color=\u00bb#00576b\u00bb image_icon_width=\u00bb35px\u00bb _builder_version=\u00bb4.16&#8243; z_index_tablet=\u00bb500&#8243; icon_font_size=\u00bb35px\u00bb global_colors_info=\u00bb{}\u00bb][\/et_pb_blurb][\/et_pb_column][\/et_pb_row][\/et_pb_section][et_pb_section fb_built=\u00bb1&#8243; _builder_version=\u00bb3.21.1&#8243; background_color=\u00bb#00414c\u00bb background_image=\u00bbhttp:\/\/www.caldererias.es\/wp-content\/uploads\/2019\/01\/fondo2.png\u00bb parallax=\u00bbon\u00bb parallax_method=\u00bboff\u00bb global_module=\u00bb356&#8243; saved_tabs=\u00bball\u00bb collapsed=\u00bboff\u00bb global_colors_info=\u00bb{}\u00bb][et_pb_row _builder_version=\u00bb4.16&#8243; global_colors_info=\u00bb{}\u00bb][et_pb_column type=\u00bb4_4&#8243; _builder_version=\u00bb4.16&#8243; custom_padding=\u00bb|||\u00bb global_colors_info=\u00bb{}\u00bb custom_padding__hover=\u00bb|||\u00bb][et_pb_blurb title=\u00bb\u00bfTienes alguna consulta?\u00bb url=\u00bbhttp:\/\/www.caldererias.es\/contacto\/\u00bb use_icon=\u00bbon\u00bb font_icon=\u00bb&#xe010;||divi||400&#8243; icon_color=\u00bb#ffffff\u00bb _builder_version=\u00bb4.16&#8243; header_level=\u00bbh2&#8243; header_font=\u00bb||||||||\u00bb header_text_color=\u00bb#ffffff\u00bb body_font=\u00bb||||||||\u00bb body_text_color=\u00bb#ffffff\u00bb text_orientation=\u00bbcenter\u00bb link_option_url=\u00bbhttp:\/\/www.caldererias.es\/contacto\/\u00bb global_colors_info=\u00bb{}\u00bb]<\/p>\n<p>CONTACTEZ-NOUS<\/p>\n<p>[\/et_pb_blurb][et_pb_social_media_follow _builder_version=\u00bb4.27.0&#8243; _module_preset=\u00bbdefault\u00bb global_colors_info=\u00bb{}\u00bb][et_pb_social_media_follow_network social_network=\u00bbfacebook\u00bb url=\u00bbhttps:\/\/www.facebook.com\/share\/197EaG1ngz\/\u00bb _builder_version=\u00bb4.27.0&#8243; _module_preset=\u00bbdefault\u00bb background_color=\u00bb#3b5998&#8243; global_colors_info=\u00bb{}\u00bb follow_button=\u00bboff\u00bb url_new_window=\u00bbon\u00bb]facebook[\/et_pb_social_media_follow_network][et_pb_social_media_follow_network social_network=\u00bbinstagram\u00bb url=\u00bbhttps:\/\/www.instagram.com\/caldererias_indalicas?igsh=MXB5cmoxYWRiZTd3dg==\u00bb _builder_version=\u00bb4.27.0&#8243; _module_preset=\u00bbdefault\u00bb background_color=\u00bb#ea2c59&#8243; global_colors_info=\u00bb{}\u00bb follow_button=\u00bboff\u00bb url_new_window=\u00bbon\u00bb]instagram[\/et_pb_social_media_follow_network][et_pb_social_media_follow_network social_network=\u00bblinkedin\u00bb url=\u00bbhttps:\/\/es.linkedin.com\/company\/calderer-as-ind-licas-sl\u00bb _builder_version=\u00bb4.27.0&#8243; _module_preset=\u00bbdefault\u00bb background_color=\u00bb#007bb6&#8243; global_colors_info=\u00bb{}\u00bb follow_button=\u00bboff\u00bb url_new_window=\u00bbon\u00bb]linkedin[\/et_pb_social_media_follow_network][\/et_pb_social_media_follow][\/et_pb_column][\/et_pb_row][\/et_pb_section]<\/p>","protected":false},"excerpt":{"rendered":"<p>Nuestros principios de responsabilidad se basan en el desarrollo de productos y servicios desde el enfoque de la excelencia, lo que nos lleva no solo a realizarlos con los m\u00e1s altos valores de calidad, sino que adem\u00e1s estos deben incubarse dentro de un entorno con el m\u00e1ximo respeto medioambiental y con los m\u00e1s eficaces medios [&hellip;]<\/p>","protected":false},"author":1,"featured_media":0,"parent":0,"menu_order":0,"comment_status":"closed","ping_status":"closed","template":"","meta":{"_et_pb_use_builder":"on","_et_pb_old_content":"","_et_gb_content_width":"","footnotes":""},"class_list":["post-140","page","type-page","status-publish","hentry"],"_links":{"self":[{"href":"https:\/\/www.caldererias.es\/fr\/wp-json\/wp\/v2\/pages\/140","targetHints":{"allow":["GET"]}}],"collection":[{"href":"https:\/\/www.caldererias.es\/fr\/wp-json\/wp\/v2\/pages"}],"about":[{"href":"https:\/\/www.caldererias.es\/fr\/wp-json\/wp\/v2\/types\/page"}],"author":[{"embeddable":true,"href":"https:\/\/www.caldererias.es\/fr\/wp-json\/wp\/v2\/users\/1"}],"replies":[{"embeddable":true,"href":"https:\/\/www.caldererias.es\/fr\/wp-json\/wp\/v2\/comments?post=140"}],"version-history":[{"count":38,"href":"https:\/\/www.caldererias.es\/fr\/wp-json\/wp\/v2\/pages\/140\/revisions"}],"predecessor-version":[{"id":4927,"href":"https:\/\/www.caldererias.es\/fr\/wp-json\/wp\/v2\/pages\/140\/revisions\/4927"}],"wp:attachment":[{"href":"https:\/\/www.caldererias.es\/fr\/wp-json\/wp\/v2\/media?parent=140"}],"curies":[{"name":"wp","href":"https:\/\/api.w.org\/{rel}","templated":true}]}}